{"id":2097,"date":"2022-01-16T15:23:28","date_gmt":"2022-01-16T15:23:28","guid":{"rendered":"http:\/\/bec.com.pt\/?page_id=2097"},"modified":"2024-03-11T11:45:07","modified_gmt":"2024-03-11T11:45:07","slug":"noticias","status":"publish","type":"page","link":"https:\/\/bec.com.pt\/fr\/actualites\/","title":{"rendered":"Actualit\u00e9s"},"content":{"rendered":"<div id=\"fws_69f08cac3db18\"  data-column-margin=\"default\" data-midnight=\"dark\" data-top-percent=\"5%\"  class=\"wpb_row vc_row-fluid vc_row full-width-content vc_row-o-equal-height vc_row-flex vc_row-o-content-top  right_padding_5pct left_padding_5pct right_padding_tablet_5pct right_padding_phone_5pct left_padding_tablet_5pct left_padding_phone_5pct\"  style=\"padding-top: calc(100vw * 0.05); padding-bottom: 0px; \"><div class=\"row-bg-wrap\" data-bg-animation=\"none\" data-bg-animation-delay=\"\" data-bg-overlay=\"false\"><div class=\"inner-wrap row-bg-layer\" ><div class=\"row-bg viewport-desktop\"  style=\"\"><\/div><\/div><\/div><div class=\"row_col_wrap_12 col span_12 dark left\">\n\t<div  class=\"vc_col-sm-12 wpb_column column_container vc_column_container col has-animation no-extra-padding inherit_tablet inherit_phone mobile-disable-entrance-animation\"  data-padding-pos=\"all\" data-has-bg-color=\"false\" data-bg-color=\"\" data-bg-opacity=\"1\" data-animation=\"fade-in-from-bottom\" data-delay=\"500\" data-animation-offset=\"99%\" >\n\t\t<div class=\"vc_column-inner\" >\n\t\t\t<div class=\"wpb_wrapper\">\n\t\t\t\t<div id=\"fws_69f08cac3f0a6\" data-midnight=\"\" data-column-margin=\"default\" class=\"wpb_row vc_row-fluid vc_row inner_row\"  style=\"\"><div class=\"row-bg-wrap\"> <div class=\"row-bg\" ><\/div> <\/div><div class=\"row_col_wrap_12_inner col span_12  left\">\n\t<div style=\" color: #003b51;\" class=\"vc_col-sm-12 wpb_column column_container vc_column_container col child_column no-extra-padding inherit_tablet inherit_phone\" data-cfc=\"true\"  data-padding-pos=\"all\" data-has-bg-color=\"false\" data-bg-color=\"\" data-bg-opacity=\"1\" data-animation=\"\" data-delay=\"0\" >\n\t\t<div class=\"vc_column-inner\" >\n\t\t<div class=\"wpb_wrapper\">\n\t\t\t\n<div class=\"wpb_text_column wpb_content_element\" >\n\t<div class=\"wpb_wrapper\">\n\t\t<h1>Actualit\u00e9s<\/h1>\n\t<\/div>\n<\/div>\n\n\n\n\n\t\t<\/div> \n\t<\/div>\n\t<\/div> \n<\/div><\/div><div class='nectar-post-grid-wrap text-color-dark spacing-35px' data-el-settings='{\"post_type\":\"post\",\"pagination\":\"load-more\",\"image_size\":\"full\",\"parallax_scrolling\":\"\",\"aspect_ratio_image_size\":\"\",\"category_position\":\"default\",\"category_display\":\"default\",\"display_categories\":\"0\",\"display_excerpt\":\"yes\",\"excerpt_length\":\"20\",\"display_date\":\"yes\",\"display_estimated_reading_time\":\"0\",\"display_author\":\"0\",\"author_functionality\":\"default\",\"author_position\":\"default\",\"color_overlay\":\"\",\"color_overlay_opacity\":\"\",\"color_overlay_hover_opacity\":\"\",\"card_bg_color\":\"\",\"grid_style\":\"content_under_image\",\"hover_effect\":\"zoom\",\"post_title_overlay\":\"\",\"heading_tag\":\"default\",\"heading_tag_render\":\"default\",\"enable_gallery_lightbox\":\"0\",\"category_style\":\"underline\",\"overlay_secondary_project_image\":\"\",\"vertical_list_hover_effect\":\"none\",\"vertical_list_read_more\":\"\",\"read_more_button\":\"0\",\"animation\":\"none\",\"custom_fields\":\"\",\"custom_fields_location\":\"\",\"display_type\":\"grid\",\"text_content_layout\":\"top_left\"}' data-style='content_under_image' data-query='{\"post_type\":\"post\",\"posts_per_page\":\"-1\",\"order\":\"DESC\",\"orderby\":\"date\",\"offset\":\"0\",\"cpt_name\":\"post\",\"custom_query_tax\":\"\",\"ignore_sticky_posts\":\"\",\"exclude_current_post\":\"\"}' data-load-more-color='accent-color' data-load-more-text='Voir Plus'><div class=\"nectar-post-grid-filters\" data-active-color=\"default\" data-align=\"default\" data-animation=\"none\" data-sortable=\"\"><div><a href=\"#\" data-filter=\"noticias\" data-total-count=\"26\">Actualit\u00e9s<\/a><\/div><\/div><div class=\"nectar-post-grid custom-aspect-ratio-1-1 category-position-before-title\" data-indicator=\"\" data-indicator-style=\"default\" data-indicator-text-color=\"#fff\" data-indicator-color=\"#000\" data-indicator-text=\"Voir\" data-masonry=\"false\" data-columns=\"4\" data-hover-effect=\"zoom\" data-text-style=\"default\" data-border-radius=\"none\" data-grid-item-height=\"50vh\" data-grid-spacing=\"35px\" data-text-layout=\"top_left\" data-text-color=\"dark\" data-text-hover-color=\"dark\" data-shadow-hover=\"yes\" data-animation=\"none\" data-animation-stagger=\"90\" data-cat-click=\"default\"  data-lock-aspect=\"\"  data-text-align=\"left\" data-card=\"\" ><div class=\"nectar-post-grid-item\" data-post-id=\"5867\" data-has-img=\"true\"> <div class=\"inner\"><div class=\"nectar-post-grid-item-bg-wrap\"><div class=\"nectar-post-grid-item-bg-wrap-inner\"><div class=\"nectar-post-grid-item-bg\"><img loading=\"lazy\" decoding=\"async\" width=\"2419\" height=\"1814\" src=\"https:\/\/bec.com.pt\/wp-content\/uploads\/2023\/09\/Bec_VillasGolf_Int_Cup_225.jpg\" class=\"attachment-full size-full wp-post-image\" alt=\"\" srcset=\"https:\/\/bec.com.pt\/wp-content\/uploads\/2023\/09\/Bec_VillasGolf_Int_Cup_225.jpg 2419w, https:\/\/bec.com.pt\/wp-content\/uploads\/2023\/09\/Bec_VillasGolf_Int_Cup_225-300x225.jpg 300w, https:\/\/bec.com.pt\/wp-content\/uploads\/2023\/09\/Bec_VillasGolf_Int_Cup_225-1024x768.jpg 1024w, https:\/\/bec.com.pt\/wp-content\/uploads\/2023\/09\/Bec_VillasGolf_Int_Cup_225-768x576.jpg 768w, https:\/\/bec.com.pt\/wp-content\/uploads\/2023\/09\/Bec_VillasGolf_Int_Cup_225-1536x1152.jpg 1536w, https:\/\/bec.com.pt\/wp-content\/uploads\/2023\/09\/Bec_VillasGolf_Int_Cup_225-2048x1536.jpg 2048w, https:\/\/bec.com.pt\/wp-content\/uploads\/2023\/09\/Bec_VillasGolf_Int_Cup_225-16x12.jpg 16w\" sizes=\"auto, (max-width: 2419px) 100vw, 2419px\" \/><\/div><\/div><\/div><div class=\"content\"><a class=\"nectar-post-grid-link\" href=\"https:\/\/bec.com.pt\/fr\/investir-na-saude-e-investir-no-futuro\/\" ><span class=\"screen-reader-text\">Investir dans la sant\u00e9, c\u2019est investir dans l\u2019avenir<\/span><\/a><div class=\"item-main\"><h3 class=\"post-heading\"><span>Investir dans la sant\u00e9, c\u2019est investir dans l\u2019avenir<\/span><\/h3><div class=\"nectar-post-grid-item__excerpt-wrap item-meta-extra\"><span class=\"meta-excerpt\">Investir na sa\u00fade \u00e9 investir no futuro No \u00e2mbito das celebra\u00e7\u00f5es dos 30 anos da\u2026<\/span><\/div><span class=\"nectar-post-grid-item__meta-wrap\"><span class=\"meta-date\">avril 14, 2026<\/span><\/span><\/div><\/div><\/div><\/div><div class=\"nectar-post-grid-item\" data-post-id=\"5812\" data-has-img=\"true\"> <div class=\"inner\"><div class=\"nectar-post-grid-item-bg-wrap\"><div class=\"nectar-post-grid-item-bg-wrap-inner\"><div class=\"nectar-post-grid-item-bg\"><img loading=\"lazy\" decoding=\"async\" width=\"2419\" height=\"1814\" src=\"https:\/\/bec.com.pt\/wp-content\/uploads\/2023\/09\/Bec_VillasGolf_Int_Cup_225.jpg\" class=\"attachment-full size-full wp-post-image\" alt=\"\" srcset=\"https:\/\/bec.com.pt\/wp-content\/uploads\/2023\/09\/Bec_VillasGolf_Int_Cup_225.jpg 2419w, https:\/\/bec.com.pt\/wp-content\/uploads\/2023\/09\/Bec_VillasGolf_Int_Cup_225-300x225.jpg 300w, https:\/\/bec.com.pt\/wp-content\/uploads\/2023\/09\/Bec_VillasGolf_Int_Cup_225-1024x768.jpg 1024w, https:\/\/bec.com.pt\/wp-content\/uploads\/2023\/09\/Bec_VillasGolf_Int_Cup_225-768x576.jpg 768w, https:\/\/bec.com.pt\/wp-content\/uploads\/2023\/09\/Bec_VillasGolf_Int_Cup_225-1536x1152.jpg 1536w, https:\/\/bec.com.pt\/wp-content\/uploads\/2023\/09\/Bec_VillasGolf_Int_Cup_225-2048x1536.jpg 2048w, https:\/\/bec.com.pt\/wp-content\/uploads\/2023\/09\/Bec_VillasGolf_Int_Cup_225-16x12.jpg 16w\" sizes=\"auto, (max-width: 2419px) 100vw, 2419px\" \/><\/div><\/div><\/div><div class=\"content\"><a class=\"nectar-post-grid-link\" href=\"https:\/\/bec.com.pt\/fr\/bec-30-anos-30-experiencias\/\" ><span class=\"screen-reader-text\">BEC 30 ans - 30 exp\u00e9riences<\/span><\/a><div class=\"item-main\"><h3 class=\"post-heading\"><span>BEC 30 ans - 30 exp\u00e9riences<\/span><\/h3><div class=\"nectar-post-grid-item__excerpt-wrap item-meta-extra\"><span class=\"meta-excerpt\">BEC 30 anos - 30 experi\u00eancias A BEC celebra este ano tr\u00eas d\u00e9cadas de hist\u00f3ria,\u2026<\/span><\/div><span class=\"nectar-post-grid-item__meta-wrap\"><span class=\"meta-date\">avril 14, 2026<\/span><\/span><\/div><\/div><\/div><\/div><div class=\"nectar-post-grid-item\" data-post-id=\"5375\" data-has-img=\"true\"> <div class=\"inner\"><div class=\"nectar-post-grid-item-bg-wrap\"><div class=\"nectar-post-grid-item-bg-wrap-inner\"><div class=\"nectar-post-grid-item-bg\"><img loading=\"lazy\" decoding=\"async\" width=\"1081\" height=\"1081\" src=\"https:\/\/bec.com.pt\/wp-content\/uploads\/2024\/06\/Imagem-2024-Inovadora-COTEC_BEC.jpg\" class=\"attachment-full size-full wp-post-image\" alt=\"\" srcset=\"https:\/\/bec.com.pt\/wp-content\/uploads\/2024\/06\/Imagem-2024-Inovadora-COTEC_BEC.jpg 1081w, https:\/\/bec.com.pt\/wp-content\/uploads\/2024\/06\/Imagem-2024-Inovadora-COTEC_BEC-300x300.jpg 300w, https:\/\/bec.com.pt\/wp-content\/uploads\/2024\/06\/Imagem-2024-Inovadora-COTEC_BEC-1024x1024.jpg 1024w, https:\/\/bec.com.pt\/wp-content\/uploads\/2024\/06\/Imagem-2024-Inovadora-COTEC_BEC-150x150.jpg 150w, https:\/\/bec.com.pt\/wp-content\/uploads\/2024\/06\/Imagem-2024-Inovadora-COTEC_BEC-768x768.jpg 768w, https:\/\/bec.com.pt\/wp-content\/uploads\/2024\/06\/Imagem-2024-Inovadora-COTEC_BEC-12x12.jpg 12w, https:\/\/bec.com.pt\/wp-content\/uploads\/2024\/06\/Imagem-2024-Inovadora-COTEC_BEC-140x140.jpg 140w, https:\/\/bec.com.pt\/wp-content\/uploads\/2024\/06\/Imagem-2024-Inovadora-COTEC_BEC-100x100.jpg 100w, https:\/\/bec.com.pt\/wp-content\/uploads\/2024\/06\/Imagem-2024-Inovadora-COTEC_BEC-500x500.jpg 500w, https:\/\/bec.com.pt\/wp-content\/uploads\/2024\/06\/Imagem-2024-Inovadora-COTEC_BEC-350x350.jpg 350w, https:\/\/bec.com.pt\/wp-content\/uploads\/2024\/06\/Imagem-2024-Inovadora-COTEC_BEC-1000x1000.jpg 1000w, https:\/\/bec.com.pt\/wp-content\/uploads\/2024\/06\/Imagem-2024-Inovadora-COTEC_BEC-800x800.jpg 800w\" sizes=\"auto, (max-width: 1081px) 100vw, 1081px\" \/><\/div><\/div><\/div><div class=\"content\"><a class=\"nectar-post-grid-link\" href=\"https:\/\/bec.com.pt\/fr\/bec-recebe-o-estatuto-inovadora-cotec-24\/\" ><span class=\"screen-reader-text\">BEC recebe o estatuto INOVADORA COTEC 24<\/span><\/a><div class=\"item-main\"><h3 class=\"post-heading\"><span>BEC recebe o estatuto INOVADORA COTEC 24<\/span><\/h3><div class=\"nectar-post-grid-item__excerpt-wrap item-meta-extra\"><span class=\"meta-excerpt\">BEC recebe o Estatuto INOVADORA COTEC 24 A BEC - Carpintaria foi distinguida com o\u2026<\/span><\/div><span class=\"nectar-post-grid-item__meta-wrap\"><span class=\"meta-date\">juin 19, 2024<\/span><\/span><\/div><\/div><\/div><\/div><div class=\"nectar-post-grid-item\" data-post-id=\"4813\" data-has-img=\"true\"> <div class=\"inner\"><div class=\"nectar-post-grid-item-bg-wrap\"><div class=\"nectar-post-grid-item-bg-wrap-inner\"><div class=\"nectar-post-grid-item-bg\"><img loading=\"lazy\" decoding=\"async\" width=\"2419\" height=\"1814\" src=\"https:\/\/bec.com.pt\/wp-content\/uploads\/2023\/09\/Bec_VillasGolf_Int_Cup_225.jpg\" class=\"attachment-full size-full wp-post-image\" alt=\"\" srcset=\"https:\/\/bec.com.pt\/wp-content\/uploads\/2023\/09\/Bec_VillasGolf_Int_Cup_225.jpg 2419w, https:\/\/bec.com.pt\/wp-content\/uploads\/2023\/09\/Bec_VillasGolf_Int_Cup_225-300x225.jpg 300w, https:\/\/bec.com.pt\/wp-content\/uploads\/2023\/09\/Bec_VillasGolf_Int_Cup_225-1024x768.jpg 1024w, https:\/\/bec.com.pt\/wp-content\/uploads\/2023\/09\/Bec_VillasGolf_Int_Cup_225-768x576.jpg 768w, https:\/\/bec.com.pt\/wp-content\/uploads\/2023\/09\/Bec_VillasGolf_Int_Cup_225-1536x1152.jpg 1536w, https:\/\/bec.com.pt\/wp-content\/uploads\/2023\/09\/Bec_VillasGolf_Int_Cup_225-2048x1536.jpg 2048w, https:\/\/bec.com.pt\/wp-content\/uploads\/2023\/09\/Bec_VillasGolf_Int_Cup_225-16x12.jpg 16w\" sizes=\"auto, (max-width: 2419px) 100vw, 2419px\" \/><\/div><\/div><\/div><div class=\"content\"><a class=\"nectar-post-grid-link\" href=\"https:\/\/bec.com.pt\/fr\/bec-patrocina-o-torneio-villasgolfe-international-cup-2023\/\" ><span class=\"screen-reader-text\">BEC parraine le tournoi Villas&amp;Golfe International Cup 2023<\/span><\/a><div class=\"item-main\"><h3 class=\"post-heading\"><span>BEC parraine le tournoi Villas&amp;Golfe International Cup 2023<\/span><\/h3><div class=\"nectar-post-grid-item__excerpt-wrap item-meta-extra\"><span class=\"meta-excerpt\">BEC patrocina o torneio Villas&amp;Golfe International Cup 2023 Foi com grande orgulho que a BEC\u2026<\/span><\/div><span class=\"nectar-post-grid-item__meta-wrap\"><span class=\"meta-date\">septembre 23, 2023<\/span><\/span><\/div><\/div><\/div><\/div><div class=\"nectar-post-grid-item\" data-post-id=\"4480\" data-has-img=\"true\"> <div class=\"inner\"><div class=\"nectar-post-grid-item-bg-wrap\"><div class=\"nectar-post-grid-item-bg-wrap-inner\"><div class=\"nectar-post-grid-item-bg\"><img loading=\"lazy\" decoding=\"async\" width=\"968\" height=\"668\" src=\"https:\/\/bec.com.pt\/wp-content\/uploads\/2023\/06\/PauloBaptista.png\" class=\"attachment-full size-full wp-post-image\" alt=\"\" srcset=\"https:\/\/bec.com.pt\/wp-content\/uploads\/2023\/06\/PauloBaptista.png 968w, https:\/\/bec.com.pt\/wp-content\/uploads\/2023\/06\/PauloBaptista-300x207.png 300w, https:\/\/bec.com.pt\/wp-content\/uploads\/2023\/06\/PauloBaptista-768x530.png 768w, https:\/\/bec.com.pt\/wp-content\/uploads\/2023\/06\/PauloBaptista-18x12.png 18w\" sizes=\"auto, (max-width: 968px) 100vw, 968px\" \/><\/div><\/div><\/div><div class=\"content\"><a class=\"nectar-post-grid-link\" href=\"https:\/\/bec.com.pt\/fr\/paulo-baptista-entrevistado-pela-revista-villasgolf\/\" ><span class=\"screen-reader-text\">Paulo Baptista entrevistado pela revista Villas&#038;Golf<\/span><\/a><div class=\"item-main\"><h3 class=\"post-heading\"><span>Paulo Baptista entrevistado pela revista Villas&#038;Golf<\/span><\/h3><div class=\"nectar-post-grid-item__excerpt-wrap item-meta-extra\"><span class=\"meta-excerpt\">Paulo Baptista entrevistado pela revista Villas&amp;Golf Paulo Baptista, fundador da BEC, foi entrevistado pela reconhecida\u2026<\/span><\/div><span class=\"nectar-post-grid-item__meta-wrap\"><span class=\"meta-date\">juin 23, 2023<\/span><\/span><\/div><\/div><\/div><\/div><div class=\"nectar-post-grid-item\" data-post-id=\"4447\" data-has-img=\"true\"> <div class=\"inner\"><div class=\"nectar-post-grid-item-bg-wrap\"><div class=\"nectar-post-grid-item-bg-wrap-inner\"><div class=\"nectar-post-grid-item-bg\"><img loading=\"lazy\" decoding=\"async\" width=\"1743\" height=\"2000\" src=\"https:\/\/bec.com.pt\/wp-content\/uploads\/2023\/03\/1-Caviar-Kaspia-9346_FA.jpg\" class=\"attachment-full size-full wp-post-image\" alt=\"\" srcset=\"https:\/\/bec.com.pt\/wp-content\/uploads\/2023\/03\/1-Caviar-Kaspia-9346_FA.jpg 1743w, https:\/\/bec.com.pt\/wp-content\/uploads\/2023\/03\/1-Caviar-Kaspia-9346_FA-261x300.jpg 261w, https:\/\/bec.com.pt\/wp-content\/uploads\/2023\/03\/1-Caviar-Kaspia-9346_FA-892x1024.jpg 892w, https:\/\/bec.com.pt\/wp-content\/uploads\/2023\/03\/1-Caviar-Kaspia-9346_FA-768x881.jpg 768w, https:\/\/bec.com.pt\/wp-content\/uploads\/2023\/03\/1-Caviar-Kaspia-9346_FA-1339x1536.jpg 1339w, https:\/\/bec.com.pt\/wp-content\/uploads\/2023\/03\/1-Caviar-Kaspia-9346_FA-10x12.jpg 10w\" sizes=\"auto, (max-width: 1743px) 100vw, 1743px\" \/><\/div><\/div><\/div><div class=\"content\"><a class=\"nectar-post-grid-link\" href=\"https:\/\/bec.com.pt\/fr\/bec-premier-hospitality\/\" ><span class=\"screen-reader-text\">BEC mis en avant dans le magazine britannique Premier Hospitality pour le projet CAVIAR Kaspia<\/span><\/a><div class=\"item-main\"><h3 class=\"post-heading\"><span>BEC mis en avant dans le magazine britannique Premier Hospitality pour le projet CAVIAR Kaspia<\/span><\/h3><div class=\"nectar-post-grid-item__excerpt-wrap item-meta-extra\"><span class=\"meta-excerpt\">BEC destacada na revista brit\u00e2nica Premier Hospitality pelo projeto CAVIAR Kaspia em Londres A BEC\u2026<\/span><\/div><span class=\"nectar-post-grid-item__meta-wrap\"><span class=\"meta-date\">juin 14, 2023<\/span><\/span><\/div><\/div><\/div><\/div><div class=\"nectar-post-grid-item\" data-post-id=\"5036\" data-has-img=\"true\"> <div class=\"inner\"><div class=\"nectar-post-grid-item-bg-wrap\"><div class=\"nectar-post-grid-item-bg-wrap-inner\"><div class=\"nectar-post-grid-item-bg\"><img loading=\"lazy\" decoding=\"async\" width=\"1417\" height=\"2007\" src=\"https:\/\/bec.com.pt\/wp-content\/uploads\/2024\/02\/VGAFR64_MR_SPREAD_pag70.jpg\" class=\"attachment-full size-full wp-post-image\" alt=\"\" srcset=\"https:\/\/bec.com.pt\/wp-content\/uploads\/2024\/02\/VGAFR64_MR_SPREAD_pag70.jpg 1417w, https:\/\/bec.com.pt\/wp-content\/uploads\/2024\/02\/VGAFR64_MR_SPREAD_pag70-212x300.jpg 212w, https:\/\/bec.com.pt\/wp-content\/uploads\/2024\/02\/VGAFR64_MR_SPREAD_pag70-723x1024.jpg 723w, https:\/\/bec.com.pt\/wp-content\/uploads\/2024\/02\/VGAFR64_MR_SPREAD_pag70-768x1088.jpg 768w, https:\/\/bec.com.pt\/wp-content\/uploads\/2024\/02\/VGAFR64_MR_SPREAD_pag70-1084x1536.jpg 1084w, https:\/\/bec.com.pt\/wp-content\/uploads\/2024\/02\/VGAFR64_MR_SPREAD_pag70-8x12.jpg 8w\" sizes=\"auto, (max-width: 1417px) 100vw, 1417px\" \/><\/div><\/div><\/div><div class=\"content\"><a class=\"nectar-post-grid-link\" href=\"https:\/\/bec.com.pt\/fr\/bec-e-parceira-do-villasgolfe-international-cup-2023-angola\/\" ><span class=\"screen-reader-text\">BEC est partenaire de la Coupe Internationale Villas&amp;Golfe 2023, Angola<\/span><\/a><div class=\"item-main\"><h3 class=\"post-heading\"><span>BEC est partenaire de la Coupe Internationale Villas&amp;Golfe 2023, Angola<\/span><\/h3><div class=\"nectar-post-grid-item__excerpt-wrap item-meta-extra\"><span class=\"meta-excerpt\">BEC \u00e9 parceira do Villas&amp;Golfe International Cup 2023, Angola O Villas&amp;Golfe International Cup, realizado a\u2026<\/span><\/div><span class=\"nectar-post-grid-item__meta-wrap\"><span class=\"meta-date\">mai 8, 2023<\/span><\/span><\/div><\/div><\/div><\/div><div class=\"nectar-post-grid-item\" data-post-id=\"5034\" data-has-img=\"true\"> <div class=\"inner\"><div class=\"nectar-post-grid-item-bg-wrap\"><div class=\"nectar-post-grid-item-bg-wrap-inner\"><div class=\"nectar-post-grid-item-bg\"><img loading=\"lazy\" decoding=\"async\" width=\"2560\" height=\"1658\" src=\"https:\/\/bec.com.pt\/wp-content\/uploads\/2024\/02\/TRENDS78pag27-scaled.jpg\" class=\"attachment-full size-full wp-post-image\" alt=\"\" srcset=\"https:\/\/bec.com.pt\/wp-content\/uploads\/2024\/02\/TRENDS78pag27-scaled.jpg 2560w, https:\/\/bec.com.pt\/wp-content\/uploads\/2024\/02\/TRENDS78pag27-300x194.jpg 300w, https:\/\/bec.com.pt\/wp-content\/uploads\/2024\/02\/TRENDS78pag27-1024x663.jpg 1024w, https:\/\/bec.com.pt\/wp-content\/uploads\/2024\/02\/TRENDS78pag27-768x498.jpg 768w, https:\/\/bec.com.pt\/wp-content\/uploads\/2024\/02\/TRENDS78pag27-1536x995.jpg 1536w, https:\/\/bec.com.pt\/wp-content\/uploads\/2024\/02\/TRENDS78pag27-2048x1327.jpg 2048w, https:\/\/bec.com.pt\/wp-content\/uploads\/2024\/02\/TRENDS78pag27-18x12.jpg 18w\" sizes=\"auto, (max-width: 2560px) 100vw, 2560px\" \/><\/div><\/div><\/div><div class=\"content\"><a class=\"nectar-post-grid-link\" href=\"https:\/\/bec.com.pt\/fr\/bec-constroi-ambientes-impares-do-caviar-kaspia-london\/\" ><span class=\"screen-reader-text\">BEC construit des environnements uniques pour Caviar Kaspia London<\/span><\/a><div class=\"item-main\"><h3 class=\"post-heading\"><span>BEC construit des environnements uniques pour Caviar Kaspia London<\/span><\/h3><div class=\"nectar-post-grid-item__excerpt-wrap item-meta-extra\"><span class=\"meta-excerpt\">BEC constr\u00f3i ambientes \u00edmpares do Caviar Kaspia London Com o objetivo de estabelecer um endere\u00e7o\u2026<\/span><\/div><span class=\"nectar-post-grid-item__meta-wrap\"><span class=\"meta-date\">f\u00e9vrier 8, 2023<\/span><\/span><\/div><\/div><\/div><\/div><div class=\"nectar-post-grid-item\" data-post-id=\"4118\" data-has-img=\"true\"> <div class=\"inner\"><div class=\"nectar-post-grid-item-bg-wrap\"><div class=\"nectar-post-grid-item-bg-wrap-inner\"><div class=\"nectar-post-grid-item-bg\"><img loading=\"lazy\" decoding=\"async\" width=\"300\" height=\"300\" src=\"https:\/\/bec.com.pt\/wp-content\/uploads\/2019\/09\/mandarim_300.jpg\" class=\"attachment-full size-full wp-post-image\" alt=\"\" srcset=\"https:\/\/bec.com.pt\/wp-content\/uploads\/2019\/09\/mandarim_300.jpg 300w, https:\/\/bec.com.pt\/wp-content\/uploads\/2019\/09\/mandarim_300-150x150.jpg 150w\" sizes=\"auto, (max-width: 300px) 100vw, 300px\" \/><\/div><\/div><\/div><div class=\"content\"><a class=\"nectar-post-grid-link\" href=\"https:\/\/bec.com.pt\/fr\/visita-da-associacao-das-industrias-de-madeira-e-mobiliario\/\" ><span class=\"screen-reader-text\">BEC a re\u00e7u la visite de l'Association des Industries du Bois et de l'Ameublement<\/span><\/a><div class=\"item-main\"><h3 class=\"post-heading\"><span>BEC a re\u00e7u la visite de l'Association des Industries du Bois et de l'Ameublement<\/span><\/h3><div class=\"nectar-post-grid-item__excerpt-wrap item-meta-extra\"><span class=\"meta-excerpt\">Visita da Associa\u00e7\u00e3o das Ind\u00fastrias de Madeira e Mobili\u00e1rio A BEC recebeu nas suas instala\u00e7\u00f5es\u2026<\/span><\/div><span class=\"nectar-post-grid-item__meta-wrap\"><span class=\"meta-date\">septembre 28, 2022<\/span><\/span><\/div><\/div><\/div><\/div><div class=\"nectar-post-grid-item\" data-post-id=\"3976\" data-has-img=\"true\"> <div class=\"inner\"><div class=\"nectar-post-grid-item-bg-wrap\"><div class=\"nectar-post-grid-item-bg-wrap-inner\"><div class=\"nectar-post-grid-item-bg\"><img loading=\"lazy\" decoding=\"async\" width=\"300\" height=\"300\" src=\"https:\/\/bec.com.pt\/wp-content\/uploads\/2020\/11\/rosto.jpg\" class=\"attachment-full size-full wp-post-image\" alt=\"\" srcset=\"https:\/\/bec.com.pt\/wp-content\/uploads\/2020\/11\/rosto.jpg 300w, https:\/\/bec.com.pt\/wp-content\/uploads\/2020\/11\/rosto-150x150.jpg 150w\" sizes=\"auto, (max-width: 300px) 100vw, 300px\" \/><\/div><\/div><\/div><div class=\"content\"><a class=\"nectar-post-grid-link\" href=\"https:\/\/bec.com.pt\/fr\/evento-hostys-connect-2022\/\" ><span class=\"screen-reader-text\">BEC participa no evento \u201cHostys Connect 2022\u201d<\/span><\/a><div class=\"item-main\"><h3 class=\"post-heading\"><span>BEC participa no evento \u201cHostys Connect 2022\u201d<\/span><\/h3><div class=\"nectar-post-grid-item__excerpt-wrap item-meta-extra\"><span class=\"meta-excerpt\">Hostys Connect 2022 Com mais de 25 anos de know-how, a BEC \u00e9 uma empresa\u2026<\/span><\/div><span class=\"nectar-post-grid-item__meta-wrap\"><span class=\"meta-date\">mai 23, 2022<\/span><\/span><\/div><\/div><\/div><\/div><div class=\"nectar-post-grid-item\" data-post-id=\"1926\" data-has-img=\"true\"> <div class=\"inner\"><div class=\"nectar-post-grid-item-bg-wrap\"><div class=\"nectar-post-grid-item-bg-wrap-inner\"><div class=\"nectar-post-grid-item-bg\"><img loading=\"lazy\" decoding=\"async\" width=\"400\" height=\"400\" src=\"https:\/\/bec.com.pt\/wp-content\/uploads\/2021\/02\/25anos1-4.jpg\" class=\"attachment-full size-full wp-post-image\" alt=\"\" srcset=\"https:\/\/bec.com.pt\/wp-content\/uploads\/2021\/02\/25anos1-4.jpg 400w, https:\/\/bec.com.pt\/wp-content\/uploads\/2021\/02\/25anos1-4-150x150.jpg 150w, https:\/\/bec.com.pt\/wp-content\/uploads\/2021\/02\/25anos1-4-300x300.jpg 300w\" sizes=\"auto, (max-width: 400px) 100vw, 400px\" \/><\/div><\/div><\/div><div class=\"content\"><a class=\"nectar-post-grid-link\" href=\"https:\/\/bec.com.pt\/fr\/21021996-21022021\/\" ><span class=\"screen-reader-text\">BEC 21\/02\/1996 &#8211; 21\/02\/2021<\/span><\/a><div class=\"item-main\"><h3 class=\"post-heading\"><span>BEC 21\/02\/1996 &#8211; 21\/02\/2021<\/span><\/h3><div class=\"nectar-post-grid-item__excerpt-wrap item-meta-extra\"><span class=\"meta-excerpt\">BEC 21\/02\/1996 - 21\/02\/2021 Celebramos hoje 25 anos de vida! 25 anos de grandes conquistas\u2026<\/span><\/div><span class=\"nectar-post-grid-item__meta-wrap\"><span class=\"meta-date\">f\u00e9vrier 21, 2021<\/span><\/span><\/div><\/div><\/div><\/div><div class=\"nectar-post-grid-item\" data-post-id=\"1823\" data-has-img=\"true\"> <div class=\"inner\"><div class=\"nectar-post-grid-item-bg-wrap\"><div class=\"nectar-post-grid-item-bg-wrap-inner\"><div class=\"nectar-post-grid-item-bg\"><img loading=\"lazy\" decoding=\"async\" width=\"300\" height=\"300\" src=\"https:\/\/bec.com.pt\/wp-content\/uploads\/2020\/11\/rosto.jpg\" class=\"attachment-full size-full wp-post-image\" alt=\"\" srcset=\"https:\/\/bec.com.pt\/wp-content\/uploads\/2020\/11\/rosto.jpg 300w, https:\/\/bec.com.pt\/wp-content\/uploads\/2020\/11\/rosto-150x150.jpg 150w\" sizes=\"auto, (max-width: 300px) 100vw, 300px\" \/><\/div><\/div><\/div><div class=\"content\"><a class=\"nectar-post-grid-link\" href=\"https:\/\/bec.com.pt\/fr\/cura-o-restaurante-do-hotel-ritz-em-lisboa\/\" ><span class=\"screen-reader-text\">CURA, le restaurant de l'hotel Ritz \u00e0 Lisbonne<\/span><\/a><div class=\"item-main\"><h3 class=\"post-heading\"><span>CURA, le restaurant de l'hotel Ritz \u00e0 Lisbonne<\/span><\/h3><div class=\"nectar-post-grid-item__excerpt-wrap item-meta-extra\"><span class=\"meta-excerpt\">CURA, o restaurante do Hotel Ritz em Lisboa Foi inaugurado em Setembro, o CURA, o\u2026<\/span><\/div><span class=\"nectar-post-grid-item__meta-wrap\"><span class=\"meta-date\">novembre 11, 2020<\/span><\/span><\/div><\/div><\/div><\/div><div class=\"nectar-post-grid-item\" data-post-id=\"1745\" data-has-img=\"true\"> <div class=\"inner\"><div class=\"nectar-post-grid-item-bg-wrap\"><div class=\"nectar-post-grid-item-bg-wrap-inner\"><div class=\"nectar-post-grid-item-bg\"><img loading=\"lazy\" decoding=\"async\" width=\"300\" height=\"300\" src=\"https:\/\/bec.com.pt\/wp-content\/uploads\/2020\/04\/bec_covid_300.jpg\" class=\"attachment-full size-full wp-post-image\" alt=\"\" srcset=\"https:\/\/bec.com.pt\/wp-content\/uploads\/2020\/04\/bec_covid_300.jpg 300w, https:\/\/bec.com.pt\/wp-content\/uploads\/2020\/04\/bec_covid_300-150x150.jpg 150w\" sizes=\"auto, (max-width: 300px) 100vw, 300px\" \/><\/div><\/div><\/div><div class=\"content\"><a class=\"nectar-post-grid-link\" href=\"https:\/\/bec.com.pt\/fr\/comunicado-covid-19\/\" ><span class=\"screen-reader-text\">Communiqu\u00e9 - COVID-19<\/span><\/a><div class=\"item-main\"><h3 class=\"post-heading\"><span>Communiqu\u00e9 - COVID-19<\/span><\/h3><div class=\"nectar-post-grid-item__excerpt-wrap item-meta-extra\"><span class=\"meta-excerpt\">Comunicado COVID-19 Caros clientes e parceiros, Face \u00e0 situa\u00e7\u00e3o excecional que vivemos atualmente, a BEC\u2026<\/span><\/div><span class=\"nectar-post-grid-item__meta-wrap\"><span class=\"meta-date\">avril 27, 2020<\/span><\/span><\/div><\/div><\/div><\/div><div class=\"nectar-post-grid-item\" data-post-id=\"1723\" data-has-img=\"true\"> <div class=\"inner\"><div class=\"nectar-post-grid-item-bg-wrap\"><div class=\"nectar-post-grid-item-bg-wrap-inner\"><div class=\"nectar-post-grid-item-bg\"><img loading=\"lazy\" decoding=\"async\" width=\"700\" height=\"700\" src=\"https:\/\/bec.com.pt\/wp-content\/uploads\/2020\/04\/foto-quadrada.jpg\" class=\"attachment-full size-full wp-post-image\" alt=\"\" srcset=\"https:\/\/bec.com.pt\/wp-content\/uploads\/2020\/04\/foto-quadrada.jpg 700w, https:\/\/bec.com.pt\/wp-content\/uploads\/2020\/04\/foto-quadrada-150x150.jpg 150w, https:\/\/bec.com.pt\/wp-content\/uploads\/2020\/04\/foto-quadrada-300x300.jpg 300w\" sizes=\"auto, (max-width: 700px) 100vw, 700px\" \/><\/div><\/div><\/div><div class=\"content\"><a class=\"nectar-post-grid-link\" href=\"https:\/\/bec.com.pt\/fr\/a-bec-promove-a-palestra-superar-desafios-para-alcancar-o-sucesso\/\" ><span class=\"screen-reader-text\">Conf\u00e9rence \"Surmonter les D\u00e9fis pour Atteindre le Succ\u00e8s\"<\/span><\/a><div class=\"item-main\"><h3 class=\"post-heading\"><span>Conf\u00e9rence \"Surmonter les D\u00e9fis pour Atteindre le Succ\u00e8s\"<\/span><\/h3><div class=\"nectar-post-grid-item__excerpt-wrap item-meta-extra\"><span class=\"meta-excerpt\">Palestra \u201cSuperar Desafios para Alcan\u00e7ar o Sucesso\u201d A BEC promoveu junto de todos os seus\u2026<\/span><\/div><span class=\"nectar-post-grid-item__meta-wrap\"><span class=\"meta-date\">avril 27, 2020<\/span><\/span><\/div><\/div><\/div><\/div><div class=\"nectar-post-grid-item\" data-post-id=\"5035\" data-has-img=\"true\"> <div class=\"inner\"><div class=\"nectar-post-grid-item-bg-wrap\"><div class=\"nectar-post-grid-item-bg-wrap-inner\"><div class=\"nectar-post-grid-item-bg\"><img loading=\"lazy\" decoding=\"async\" width=\"1417\" height=\"2007\" src=\"https:\/\/bec.com.pt\/wp-content\/uploads\/2024\/02\/Villas_107_Pag_112.jpg\" class=\"attachment-full size-full wp-post-image\" alt=\"\" srcset=\"https:\/\/bec.com.pt\/wp-content\/uploads\/2024\/02\/Villas_107_Pag_112.jpg 1417w, https:\/\/bec.com.pt\/wp-content\/uploads\/2024\/02\/Villas_107_Pag_112-212x300.jpg 212w, https:\/\/bec.com.pt\/wp-content\/uploads\/2024\/02\/Villas_107_Pag_112-723x1024.jpg 723w, https:\/\/bec.com.pt\/wp-content\/uploads\/2024\/02\/Villas_107_Pag_112-768x1088.jpg 768w, https:\/\/bec.com.pt\/wp-content\/uploads\/2024\/02\/Villas_107_Pag_112-1084x1536.jpg 1084w, https:\/\/bec.com.pt\/wp-content\/uploads\/2024\/02\/Villas_107_Pag_112-8x12.jpg 8w\" sizes=\"auto, (max-width: 1417px) 100vw, 1417px\" \/><\/div><\/div><\/div><div class=\"content\"><a class=\"nectar-post-grid-link\" href=\"https:\/\/bec.com.pt\/fr\/bec-realiza-remodelacao-sofisticada-em-ladbroke-square\/\" ><span class=\"screen-reader-text\">BEC r\u00e9alise une r\u00e9novation sophistiqu\u00e9e \u00e0 Ladbroke Square<\/span><\/a><div class=\"item-main\"><h3 class=\"post-heading\"><span>BEC r\u00e9alise une r\u00e9novation sophistiqu\u00e9e \u00e0 Ladbroke Square<\/span><\/h3><div class=\"nectar-post-grid-item__excerpt-wrap item-meta-extra\"><span class=\"meta-excerpt\">BEC realiza remodela\u00e7\u00e3o sofisticada em Ladbroke Square A casa Ladbroke Square, localizada na pra\u00e7a de\u2026<\/span><\/div><span class=\"nectar-post-grid-item__meta-wrap\"><span class=\"meta-date\">avril 8, 2020<\/span><\/span><\/div><\/div><\/div><\/div><div class=\"nectar-post-grid-item\" data-post-id=\"1665\" data-has-img=\"true\"> <div class=\"inner\"><div class=\"nectar-post-grid-item-bg-wrap\"><div class=\"nectar-post-grid-item-bg-wrap-inner\"><div class=\"nectar-post-grid-item-bg\"><img loading=\"lazy\" decoding=\"async\" width=\"500\" height=\"666\" src=\"https:\/\/bec.com.pt\/wp-content\/uploads\/2019\/12\/livro-red.jpg\" class=\"attachment-full size-full wp-post-image\" alt=\"\" srcset=\"https:\/\/bec.com.pt\/wp-content\/uploads\/2019\/12\/livro-red.jpg 500w, https:\/\/bec.com.pt\/wp-content\/uploads\/2019\/12\/livro-red-225x300.jpg 225w\" sizes=\"auto, (max-width: 500px) 100vw, 500px\" \/><\/div><\/div><\/div><div class=\"content\"><a class=\"nectar-post-grid-link\" href=\"https:\/\/bec.com.pt\/fr\/bec-apoia-o-lancamento-da-2a-edicao-do-livro-organizacao-e-gestao-de-obras\/\" ><span class=\"screen-reader-text\">BEC soutient le lancement de la 2\u00e8me edition de le livre \"Organisation et Gestion des Travaux\"<\/span><\/a><div class=\"item-main\"><h3 class=\"post-heading\"><span>BEC soutient le lancement de la 2\u00e8me edition de le livre \"Organisation et Gestion des Travaux\"<\/span><\/h3><div class=\"nectar-post-grid-item__excerpt-wrap item-meta-extra\"><span class=\"meta-excerpt\">BEC apoia o lan\u00e7amento da 2\u00aa edi\u00e7\u00e3o do livro \u201cOrganiza\u00e7\u00e3o e Gest\u00e3o de Obras\u201d &nbsp;\u2026<\/span><\/div><span class=\"nectar-post-grid-item__meta-wrap\"><span class=\"meta-date\">d\u00e9cembre 11, 2019<\/span><\/span><\/div><\/div><\/div><\/div><div class=\"nectar-post-grid-item\" data-post-id=\"1604\" data-has-img=\"true\"> <div class=\"inner\"><div class=\"nectar-post-grid-item-bg-wrap\"><div class=\"nectar-post-grid-item-bg-wrap-inner\"><div class=\"nectar-post-grid-item-bg\"><img loading=\"lazy\" decoding=\"async\" width=\"300\" height=\"300\" src=\"https:\/\/bec.com.pt\/wp-content\/uploads\/2019\/10\/frente.jpg\" class=\"attachment-full size-full wp-post-image\" alt=\"\" srcset=\"https:\/\/bec.com.pt\/wp-content\/uploads\/2019\/10\/frente.jpg 300w, https:\/\/bec.com.pt\/wp-content\/uploads\/2019\/10\/frente-150x150.jpg 150w\" sizes=\"auto, (max-width: 300px) 100vw, 300px\" \/><\/div><\/div><\/div><div class=\"content\"><a class=\"nectar-post-grid-link\" href=\"https:\/\/bec.com.pt\/fr\/renovacao-integral-de-uma-casa-londrina\/\" ><span class=\"screen-reader-text\">R\u00e9novation int\u00e9grale d\u2019une maison londrine<\/span><\/a><div class=\"item-main\"><h3 class=\"post-heading\"><span>R\u00e9novation int\u00e9grale d\u2019une maison londrine<\/span><\/h3><div class=\"nectar-post-grid-item__excerpt-wrap item-meta-extra\"><span class=\"meta-excerpt\">Renova\u00e7\u00e3o integral de uma casa londrina &nbsp; A BEC renovou integralmente uma casa do estilo\u2026<\/span><\/div><span class=\"nectar-post-grid-item__meta-wrap\"><span class=\"meta-date\">octobre 29, 2019<\/span><\/span><\/div><\/div><\/div><\/div><div class=\"nectar-post-grid-item\" data-post-id=\"1536\" data-has-img=\"true\"> <div class=\"inner\"><div class=\"nectar-post-grid-item-bg-wrap\"><div class=\"nectar-post-grid-item-bg-wrap-inner\"><div class=\"nectar-post-grid-item-bg\"><img loading=\"lazy\" decoding=\"async\" width=\"300\" height=\"300\" src=\"https:\/\/bec.com.pt\/wp-content\/uploads\/2019\/09\/mandarim_300.jpg\" class=\"attachment-full size-full wp-post-image\" alt=\"\" srcset=\"https:\/\/bec.com.pt\/wp-content\/uploads\/2019\/09\/mandarim_300.jpg 300w, https:\/\/bec.com.pt\/wp-content\/uploads\/2019\/09\/mandarim_300-150x150.jpg 150w\" sizes=\"auto, (max-width: 300px) 100vw, 300px\" \/><\/div><\/div><\/div><div class=\"content\"><a class=\"nectar-post-grid-link\" href=\"https:\/\/bec.com.pt\/fr\/reabertura-do-hotel-mandarim-oriental-em-londres\/\" ><span class=\"screen-reader-text\">R\u00e9ouverture de l\u2019 hotel Mandarim Oriental em Londres<\/span><\/a><div class=\"item-main\"><h3 class=\"post-heading\"><span>R\u00e9ouverture de l\u2019 hotel Mandarim Oriental em Londres<\/span><\/h3><div class=\"nectar-post-grid-item__excerpt-wrap item-meta-extra\"><span class=\"meta-excerpt\">Reabertura do hotel Mandarim Oriental em Londres &nbsp; O Hotel Mandarim Oriental de Londres, edif\u00edcio\u2026<\/span><\/div><span class=\"nectar-post-grid-item__meta-wrap\"><span class=\"meta-date\">septembre 3, 2019<\/span><\/span><\/div><\/div><\/div><\/div><div class=\"nectar-post-grid-item\" data-post-id=\"1499\" data-has-img=\"true\"> <div class=\"inner\"><div class=\"nectar-post-grid-item-bg-wrap\"><div class=\"nectar-post-grid-item-bg-wrap-inner\"><div class=\"nectar-post-grid-item-bg\"><img loading=\"lazy\" decoding=\"async\" width=\"300\" height=\"300\" src=\"https:\/\/bec.com.pt\/wp-content\/uploads\/2019\/09\/villas_capa_300.jpg\" class=\"attachment-full size-full wp-post-image\" alt=\"\" srcset=\"https:\/\/bec.com.pt\/wp-content\/uploads\/2019\/09\/villas_capa_300.jpg 300w, https:\/\/bec.com.pt\/wp-content\/uploads\/2019\/09\/villas_capa_300-150x150.jpg 150w\" sizes=\"auto, (max-width: 300px) 100vw, 300px\" \/><\/div><\/div><\/div><div class=\"content\"><a class=\"nectar-post-grid-link\" href=\"https:\/\/bec.com.pt\/fr\/bec-na-edicao-especial-da-revista-villasgolfe\/\" ><span class=\"screen-reader-text\">BEC \u00e0 edition de magazine Villas &amp; Golfe<\/span><\/a><div class=\"item-main\"><h3 class=\"post-heading\"><span>BEC \u00e0 edition de magazine Villas &amp; Golfe<\/span><\/h3><div class=\"nectar-post-grid-item__excerpt-wrap item-meta-extra\"><span class=\"meta-excerpt\">BEC em edi\u00e7\u00e3o da revista Villas &amp; Golfe \u00a0 A BEC foi uma das empresas\u2026<\/span><\/div><span class=\"nectar-post-grid-item__meta-wrap\"><span class=\"meta-date\">septembre 3, 2019<\/span><\/span><\/div><\/div><\/div><\/div><div class=\"nectar-post-grid-item\" data-post-id=\"1284\" data-has-img=\"true\"> <div class=\"inner\"><div class=\"nectar-post-grid-item-bg-wrap\"><div class=\"nectar-post-grid-item-bg-wrap-inner\"><div class=\"nectar-post-grid-item-bg\"><img loading=\"lazy\" decoding=\"async\" width=\"800\" height=\"800\" src=\"https:\/\/bec.com.pt\/wp-content\/uploads\/2018\/11\/news_12.jpg\" class=\"attachment-full size-full wp-post-image\" alt=\"\" srcset=\"https:\/\/bec.com.pt\/wp-content\/uploads\/2018\/11\/news_12.jpg 800w, https:\/\/bec.com.pt\/wp-content\/uploads\/2018\/11\/news_12-150x150.jpg 150w, https:\/\/bec.com.pt\/wp-content\/uploads\/2018\/11\/news_12-300x300.jpg 300w, https:\/\/bec.com.pt\/wp-content\/uploads\/2018\/11\/news_12-768x768.jpg 768w\" sizes=\"auto, (max-width: 800px) 100vw, 800px\" \/><\/div><\/div><\/div><div class=\"content\"><a class=\"nectar-post-grid-link\" href=\"https:\/\/bec.com.pt\/fr\/bec-participa-na-renovacao-da-maison-du-caviar-em-paris\/\" ><span class=\"screen-reader-text\">BEC participe dans la r\u00e9novation de la Maison du Caviar \u00e0 Paris<\/span><\/a><div class=\"item-main\"><h3 class=\"post-heading\"><span>BEC participe dans la r\u00e9novation de la Maison du Caviar \u00e0 Paris<\/span><\/h3><div class=\"nectar-post-grid-item__excerpt-wrap item-meta-extra\"><span class=\"meta-excerpt\">BEC participa na renova\u00e7\u00e3o da Maison du Caviar em Paris &nbsp; A BEC acaba de\u2026<\/span><\/div><span class=\"nectar-post-grid-item__meta-wrap\"><span class=\"meta-date\">novembre 8, 2018<\/span><\/span><\/div><\/div><\/div><\/div><div class=\"nectar-post-grid-item\" data-post-id=\"1269\" data-has-img=\"true\"> <div class=\"inner\"><div class=\"nectar-post-grid-item-bg-wrap\"><div class=\"nectar-post-grid-item-bg-wrap-inner\"><div class=\"nectar-post-grid-item-bg\"><img loading=\"lazy\" decoding=\"async\" width=\"800\" height=\"800\" src=\"https:\/\/bec.com.pt\/wp-content\/uploads\/2018\/11\/news_11.jpg\" class=\"attachment-full size-full wp-post-image\" alt=\"\" srcset=\"https:\/\/bec.com.pt\/wp-content\/uploads\/2018\/11\/news_11.jpg 800w, https:\/\/bec.com.pt\/wp-content\/uploads\/2018\/11\/news_11-150x150.jpg 150w, https:\/\/bec.com.pt\/wp-content\/uploads\/2018\/11\/news_11-300x300.jpg 300w, https:\/\/bec.com.pt\/wp-content\/uploads\/2018\/11\/news_11-768x768.jpg 768w\" sizes=\"auto, (max-width: 800px) 100vw, 800px\" \/><\/div><\/div><\/div><div class=\"content\"><a class=\"nectar-post-grid-link\" href=\"https:\/\/bec.com.pt\/fr\/bec-aposta-na-renovacao-de-hoteis-de-luxo\/\" ><span class=\"screen-reader-text\">BEC se lance dans la r\u00e9novation des h\u00f4tels de luxe<\/span><\/a><div class=\"item-main\"><h3 class=\"post-heading\"><span>BEC se lance dans la r\u00e9novation des h\u00f4tels de luxe<\/span><\/h3><div class=\"nectar-post-grid-item__excerpt-wrap item-meta-extra\"><span class=\"meta-excerpt\">BEC aposta na renova\u00e7\u00e3o de hot\u00e9is de luxo &nbsp; A BEC tem vindo a desenvolver\u2026<\/span><\/div><span class=\"nectar-post-grid-item__meta-wrap\"><span class=\"meta-date\">novembre 8, 2018<\/span><\/span><\/div><\/div><\/div><\/div><div class=\"nectar-post-grid-item\" data-post-id=\"1257\" data-has-img=\"true\"> <div class=\"inner\"><div class=\"nectar-post-grid-item-bg-wrap\"><div class=\"nectar-post-grid-item-bg-wrap-inner\"><div class=\"nectar-post-grid-item-bg\"><img loading=\"lazy\" decoding=\"async\" width=\"800\" height=\"800\" src=\"https:\/\/bec.com.pt\/wp-content\/uploads\/2018\/11\/news_10.jpg\" class=\"attachment-full size-full wp-post-image\" alt=\"\" srcset=\"https:\/\/bec.com.pt\/wp-content\/uploads\/2018\/11\/news_10.jpg 800w, https:\/\/bec.com.pt\/wp-content\/uploads\/2018\/11\/news_10-150x150.jpg 150w, https:\/\/bec.com.pt\/wp-content\/uploads\/2018\/11\/news_10-300x300.jpg 300w, https:\/\/bec.com.pt\/wp-content\/uploads\/2018\/11\/news_10-768x768.jpg 768w\" sizes=\"auto, (max-width: 800px) 100vw, 800px\" \/><\/div><\/div><\/div><div class=\"content\"><a class=\"nectar-post-grid-link\" href=\"https:\/\/bec.com.pt\/fr\/bec-convidada-a-participar-na-holiday-house-londres\/\" ><span class=\"screen-reader-text\">BEC pr\u00e9sente \u00e0 Holiday House \u00e0 Londres<\/span><\/a><div class=\"item-main\"><h3 class=\"post-heading\"><span>BEC pr\u00e9sente \u00e0 Holiday House \u00e0 Londres<\/span><\/h3><div class=\"nectar-post-grid-item__excerpt-wrap item-meta-extra\"><span class=\"meta-excerpt\">BEC convidada a participar na Holiday House Londres &nbsp; A BEC foi convidada a participar\u2026<\/span><\/div><span class=\"nectar-post-grid-item__meta-wrap\"><span class=\"meta-date\">novembre 8, 2018<\/span><\/span><\/div><\/div><\/div><\/div><div class=\"nectar-post-grid-item\" data-post-id=\"1231\" data-has-img=\"true\"> <div class=\"inner\"><div class=\"nectar-post-grid-item-bg-wrap\"><div class=\"nectar-post-grid-item-bg-wrap-inner\"><div class=\"nectar-post-grid-item-bg\"><img loading=\"lazy\" decoding=\"async\" width=\"800\" height=\"800\" src=\"https:\/\/bec.com.pt\/wp-content\/uploads\/2018\/11\/news_9.jpg\" class=\"attachment-full size-full wp-post-image\" alt=\"\" srcset=\"https:\/\/bec.com.pt\/wp-content\/uploads\/2018\/11\/news_9.jpg 800w, https:\/\/bec.com.pt\/wp-content\/uploads\/2018\/11\/news_9-150x150.jpg 150w, https:\/\/bec.com.pt\/wp-content\/uploads\/2018\/11\/news_9-300x300.jpg 300w, https:\/\/bec.com.pt\/wp-content\/uploads\/2018\/11\/news_9-768x768.jpg 768w\" sizes=\"auto, (max-width: 800px) 100vw, 800px\" \/><\/div><\/div><\/div><div class=\"content\"><a class=\"nectar-post-grid-link\" href=\"https:\/\/bec.com.pt\/fr\/montagens-fiat-jeep-alfa-romeu-em-portugal\/\" ><span class=\"screen-reader-text\">Installations de stands Fiat \/ Jeep \/ Alfa Romeo au Portugal<\/span><\/a><div class=\"item-main\"><h3 class=\"post-heading\"><span>Installations de stands Fiat \/ Jeep \/ Alfa Romeo au Portugal<\/span><\/h3><div class=\"nectar-post-grid-item__excerpt-wrap item-meta-extra\"><span class=\"meta-excerpt\">Montagens Fiat \/ Jeep \/ Alfa Romeu em Portugal &nbsp; Durante o ano de 2017,\u2026<\/span><\/div><span class=\"nectar-post-grid-item__meta-wrap\"><span class=\"meta-date\">novembre 8, 2018<\/span><\/span><\/div><\/div><\/div><\/div><div class=\"nectar-post-grid-item\" data-post-id=\"1140\" data-has-img=\"true\"> <div class=\"inner\"><div class=\"nectar-post-grid-item-bg-wrap\"><div class=\"nectar-post-grid-item-bg-wrap-inner\"><div class=\"nectar-post-grid-item-bg\"><img loading=\"lazy\" decoding=\"async\" width=\"800\" height=\"800\" src=\"https:\/\/bec.com.pt\/wp-content\/uploads\/2017\/06\/news_5.jpg\" class=\"attachment-full size-full wp-post-image\" alt=\"\" srcset=\"https:\/\/bec.com.pt\/wp-content\/uploads\/2017\/06\/news_5.jpg 800w, https:\/\/bec.com.pt\/wp-content\/uploads\/2017\/06\/news_5-150x150.jpg 150w, https:\/\/bec.com.pt\/wp-content\/uploads\/2017\/06\/news_5-300x300.jpg 300w, https:\/\/bec.com.pt\/wp-content\/uploads\/2017\/06\/news_5-768x768.jpg 768w\" sizes=\"auto, (max-width: 800px) 100vw, 800px\" \/><\/div><\/div><\/div><div class=\"content\"><a class=\"nectar-post-grid-link\" href=\"https:\/\/bec.com.pt\/fr\/inauguracao-do-baoli-cannes\/\" ><span class=\"screen-reader-text\">Inauguration Du B\u00e2oli - Cannes<\/span><\/a><div class=\"item-main\"><h3 class=\"post-heading\"><span>Inauguration Du B\u00e2oli - Cannes<\/span><\/h3><div class=\"nectar-post-grid-item__excerpt-wrap item-meta-extra\"><span class=\"meta-excerpt\">Inaugura\u00e7\u00e3o do B\u00e2oli - Cannes &nbsp; A BEC foi novamente convidada para participar na remodela\u00e7\u00e3o\u2026<\/span><\/div><span class=\"nectar-post-grid-item__meta-wrap\"><span class=\"meta-date\">juin 28, 2017<\/span><\/span><\/div><\/div><\/div><\/div><div class=\"nectar-post-grid-item\" data-post-id=\"1134\" data-has-img=\"true\"> <div class=\"inner\"><div class=\"nectar-post-grid-item-bg-wrap\"><div class=\"nectar-post-grid-item-bg-wrap-inner\"><div class=\"nectar-post-grid-item-bg\"><img loading=\"lazy\" decoding=\"async\" width=\"800\" height=\"800\" src=\"https:\/\/bec.com.pt\/wp-content\/uploads\/2017\/06\/news_7.jpg\" class=\"attachment-full size-full wp-post-image\" alt=\"\" srcset=\"https:\/\/bec.com.pt\/wp-content\/uploads\/2017\/06\/news_7.jpg 800w, https:\/\/bec.com.pt\/wp-content\/uploads\/2017\/06\/news_7-150x150.jpg 150w, https:\/\/bec.com.pt\/wp-content\/uploads\/2017\/06\/news_7-300x300.jpg 300w, https:\/\/bec.com.pt\/wp-content\/uploads\/2017\/06\/news_7-768x768.jpg 768w\" sizes=\"auto, (max-width: 800px) 100vw, 800px\" \/><\/div><\/div><\/div><div class=\"content\"><a class=\"nectar-post-grid-link\" href=\"https:\/\/bec.com.pt\/fr\/ad-2017-apresentacao-do-evento\/\" ><span class=\"screen-reader-text\">AD 2017 - Pr\u00e9sentation de l'\u00e9v\u00e9nement<\/span><\/a><div class=\"item-main\"><h3 class=\"post-heading\"><span>AD 2017 - Pr\u00e9sentation de l'\u00e9v\u00e9nement<\/span><\/h3><div class=\"nectar-post-grid-item__excerpt-wrap item-meta-extra\"><span class=\"meta-excerpt\">AD 2017 - Apresenta\u00e7\u00e3o do Evento A 28 de Junho de 2017, a revista AD\u2026<\/span><\/div><span class=\"nectar-post-grid-item__meta-wrap\"><span class=\"meta-date\">juin 28, 2017<\/span><\/span><\/div><\/div><\/div><\/div><div class=\"nectar-post-grid-item\" data-post-id=\"1128\" data-has-img=\"true\"> <div class=\"inner\"><div class=\"nectar-post-grid-item-bg-wrap\"><div class=\"nectar-post-grid-item-bg-wrap-inner\"><div class=\"nectar-post-grid-item-bg\"><img loading=\"lazy\" decoding=\"async\" width=\"800\" height=\"800\" src=\"https:\/\/bec.com.pt\/wp-content\/uploads\/2017\/06\/news_8.jpg\" class=\"attachment-full size-full wp-post-image\" alt=\"\" srcset=\"https:\/\/bec.com.pt\/wp-content\/uploads\/2017\/06\/news_8.jpg 800w, https:\/\/bec.com.pt\/wp-content\/uploads\/2017\/06\/news_8-150x150.jpg 150w, https:\/\/bec.com.pt\/wp-content\/uploads\/2017\/06\/news_8-300x300.jpg 300w, https:\/\/bec.com.pt\/wp-content\/uploads\/2017\/06\/news_8-768x768.jpg 768w\" sizes=\"auto, (max-width: 800px) 100vw, 800px\" \/><\/div><\/div><\/div><div class=\"content\"><a class=\"nectar-post-grid-link\" href=\"https:\/\/bec.com.pt\/fr\/projecto-portugal-2020\/\" ><span class=\"screen-reader-text\">Projet Portugal 2020<\/span><\/a><div class=\"item-main\"><h3 class=\"post-heading\"><span>Projet Portugal 2020<\/span><\/h3><div class=\"nectar-post-grid-item__excerpt-wrap item-meta-extra\"><span class=\"meta-excerpt\">Projeto Portugal 2020 &nbsp; O Grupo BEC, atrav\u00e9s do quadro dos fundos comunit\u00e1rios Portugal 2020,\u2026<\/span><\/div><span class=\"nectar-post-grid-item__meta-wrap\"><span class=\"meta-date\">juin 28, 2017<\/span><\/span><\/div><\/div><\/div><\/div><\/div><\/div>\n\t\t\t<\/div> \n\t\t<\/div>\n\t<\/div> \n<\/div><\/div>","protected":false},"excerpt":{"rendered":"Projeto Portugal 2020O Grupo BEC, atrav\u00e9s do quadro dos fundos comunit\u00e1rios Portugal 2020, vai investir 1 500 000,00 \u20ac na sua unidade produtiva e na internacionaliza\u00e7\u00e3o. Este projeto tem como...","protected":false},"author":1,"featured_media":0,"parent":0,"menu_order":0,"comment_status":"closed","ping_status":"closed","template":"","meta":{"footnotes":""},"class_list":["post-2097","page","type-page","status-publish"],"_links":{"self":[{"href":"https:\/\/bec.com.pt\/fr\/wp-json\/wp\/v2\/pages\/2097","targetHints":{"allow":["GET"]}}],"collection":[{"href":"https:\/\/bec.com.pt\/fr\/wp-json\/wp\/v2\/pages"}],"about":[{"href":"https:\/\/bec.com.pt\/fr\/wp-json\/wp\/v2\/types\/page"}],"author":[{"embeddable":true,"href":"https:\/\/bec.com.pt\/fr\/wp-json\/wp\/v2\/users\/1"}],"replies":[{"embeddable":true,"href":"https:\/\/bec.com.pt\/fr\/wp-json\/wp\/v2\/comments?post=2097"}],"version-history":[{"count":19,"href":"https:\/\/bec.com.pt\/fr\/wp-json\/wp\/v2\/pages\/2097\/revisions"}],"predecessor-version":[{"id":2148,"href":"https:\/\/bec.com.pt\/fr\/wp-json\/wp\/v2\/pages\/2097\/revisions\/2148"}],"wp:attachment":[{"href":"https:\/\/bec.com.pt\/fr\/wp-json\/wp\/v2\/media?parent=2097"}],"curies":[{"name":"wp","href":"https:\/\/api.w.org\/{rel}","templated":true}]}}